{"version":"1.0","provider_name":"Segvauto-5G-CM","provider_url":"https:\/\/segvauto.es\/en","author_name":"desarrollo","author_url":"https:\/\/segvauto.es\/en\/author\/desarrollo\/","title":"Curso de Especializaci\u00f3n en Veh\u00edculo Aut\u00f3nomo y Conectado - Segvauto-5G-CM","type":"rich","width":600,"height":338,"html":"<blockquote class=\"wp-embedded-content\" data-secret=\"tKEk1FWZqk\"><a href=\"https:\/\/segvauto.es\/en\/curso-de-especializacion-en-vehiculo-autonomo-y-conectado\/\">Curso de Especializaci\u00f3n en Veh\u00edculo Aut\u00f3nomo y Conectado<\/a><\/blockquote><iframe sandbox=\"allow-scripts\" security=\"restricted\" src=\"https:\/\/segvauto.es\/en\/curso-de-especializacion-en-vehiculo-autonomo-y-conectado\/embed\/#?secret=tKEk1FWZqk\" width=\"600\" height=\"338\" title=\"&#8220;Curso de Especializaci\u00f3n en Veh\u00edculo Aut\u00f3nomo y Conectado&#8221; &#8212; Segvauto-5G-CM\" data-secret=\"tKEk1FWZqk\" frameborder=\"0\" marginwidth=\"0\" marginheight=\"0\" scrolling=\"no\" class=\"wp-embedded-content\"><\/iframe><script type=\"text\/javascript\">\n\/* <![CDATA[ *\/\n\/*! This file is auto-generated *\/\n!function(d,l){\"use strict\";l.querySelector&&d.addEventListener&&\"undefined\"!=typeof URL&&(d.wp=d.wp||{},d.wp.receiveEmbedMessage||(d.wp.receiveEmbedMessage=function(e){var t=e.data;if((t||t.secret||t.message||t.value)&&!\/[^a-zA-Z0-9]\/.test(t.secret)){for(var s,r,n,a=l.querySelectorAll('iframe[data-secret=\"'+t.secret+'\"]'),o=l.querySelectorAll('blockquote[data-secret=\"'+t.secret+'\"]'),c=new RegExp(\"^https?:$\",\"i\"),i=0;i<o.length;i++)o[i].style.display=\"none\";for(i=0;i<a.length;i++)s=a[i],e.source===s.contentWindow&&(s.removeAttribute(\"style\"),\"height\"===t.message?(1e3<(r=parseInt(t.value,10))?r=1e3:~~r<200&&(r=200),s.height=r):\"link\"===t.message&&(r=new URL(s.getAttribute(\"src\")),n=new URL(t.value),c.test(n.protocol))&&n.host===r.host&&l.activeElement===s&&(d.top.location.href=t.value))}},d.addEventListener(\"message\",d.wp.receiveEmbedMessage,!1),l.addEventListener(\"DOMContentLoaded\",function(){for(var e,t,s=l.querySelectorAll(\"iframe.wp-embedded-content\"),r=0;r<s.length;r++)(t=(e=s[r]).getAttribute(\"data-secret\"))||(t=Math.random().toString(36).substring(2,12),e.src+=\"#?secret=\"+t,e.setAttribute(\"data-secret\",t)),e.contentWindow.postMessage({message:\"ready\",secret:t},\"*\")},!1)))}(window,document);\n\/\/# sourceURL=https:\/\/segvauto.es\/wp-includes\/js\/wp-embed.min.js\n\/* ]]> *\/\n<\/script>","thumbnail_url":"https:\/\/segvauto.es\/wp-content\/uploads\/2021\/11\/INSIA-vehiculo-autonomo1100.jpg","thumbnail_width":1100,"thumbnail_height":619,"description":"Despu\u00e9s de la magn\u00edfica aceptaci\u00f3n de las ediciones\u00a0anteriores de los cursos especializaci\u00f3n junto con ASEPA,\u00a0hemos decidido lanzar otra aut\u00e9ntica novedad en la formaci\u00f3n t\u00e9cnica de cara al futuro, como son las tecnolog\u00edas que nos est\u00e1n ya llegando:\u00a0los veh\u00edculos aut\u00f3nomos y los veh\u00edculos conectados.Este\u00a0\u2018Curso de Especializaci\u00f3n en Veh\u00edculo Aut\u00f3nomo y Conectado\u2019\u00a0 comenzar\u00e1 el pr\u00f3ximo\u00a020 de mayo, [&hellip;]"}