{"version":"1.0","provider_name":"Segvauto-5G-CM","provider_url":"https:\/\/segvauto.es\/en","author_name":"desarrollo","author_url":"https:\/\/segvauto.es\/en\/author\/desarrollo\/","title":"Jornada Veh\u00edculos y Transportes: I+D+i en la UPM - Segvauto-5G-CM","type":"rich","width":600,"height":338,"html":"<blockquote class=\"wp-embedded-content\" data-secret=\"dlvOw3DVVc\"><a href=\"https:\/\/segvauto.es\/en\/jornada-vehiculos-y-transportes-idi-en-la-upm\/\">Jornada Veh\u00edculos y Transportes: I+D+i en la UPM<\/a><\/blockquote><iframe sandbox=\"allow-scripts\" security=\"restricted\" src=\"https:\/\/segvauto.es\/en\/jornada-vehiculos-y-transportes-idi-en-la-upm\/embed\/#?secret=dlvOw3DVVc\" width=\"600\" height=\"338\" title=\"&#8220;Jornada Veh\u00edculos y Transportes: I+D+i en la UPM&#8221; &#8212; Segvauto-5G-CM\" data-secret=\"dlvOw3DVVc\" frameborder=\"0\" marginwidth=\"0\" marginheight=\"0\" scrolling=\"no\" class=\"wp-embedded-content\"><\/iframe><script type=\"text\/javascript\">\n\/* <![CDATA[ *\/\n\/*! This file is auto-generated *\/\n!function(d,l){\"use strict\";l.querySelector&&d.addEventListener&&\"undefined\"!=typeof URL&&(d.wp=d.wp||{},d.wp.receiveEmbedMessage||(d.wp.receiveEmbedMessage=function(e){var t=e.data;if((t||t.secret||t.message||t.value)&&!\/[^a-zA-Z0-9]\/.test(t.secret)){for(var s,r,n,a=l.querySelectorAll('iframe[data-secret=\"'+t.secret+'\"]'),o=l.querySelectorAll('blockquote[data-secret=\"'+t.secret+'\"]'),c=new RegExp(\"^https?:$\",\"i\"),i=0;i<o.length;i++)o[i].style.display=\"none\";for(i=0;i<a.length;i++)s=a[i],e.source===s.contentWindow&&(s.removeAttribute(\"style\"),\"height\"===t.message?(1e3<(r=parseInt(t.value,10))?r=1e3:~~r<200&&(r=200),s.height=r):\"link\"===t.message&&(r=new URL(s.getAttribute(\"src\")),n=new URL(t.value),c.test(n.protocol))&&n.host===r.host&&l.activeElement===s&&(d.top.location.href=t.value))}},d.addEventListener(\"message\",d.wp.receiveEmbedMessage,!1),l.addEventListener(\"DOMContentLoaded\",function(){for(var e,t,s=l.querySelectorAll(\"iframe.wp-embedded-content\"),r=0;r<s.length;r++)(t=(e=s[r]).getAttribute(\"data-secret\"))||(t=Math.random().toString(36).substring(2,12),e.src+=\"#?secret=\"+t,e.setAttribute(\"data-secret\",t)),e.contentWindow.postMessage({message:\"ready\",secret:t},\"*\")},!1)))}(window,document);\n\/\/# sourceURL=https:\/\/segvauto.es\/wp-includes\/js\/wp-embed.min.js\n\/* ]]> *\/\n<\/script>","thumbnail_url":"https:\/\/segvauto.es\/wp-content\/uploads\/2013\/07\/JORNADA20SOBRE20VEHICULOS20Y20TRANSPORTES20UPM-INSIA.jpg","thumbnail_width":615,"thumbnail_height":248,"description":"El INSIA celebra este a\u00f1o 2013 su XX aniversario, raz\u00f3n por la\u00a0cu\u00e1l\u00a0 estamos organizando una serie de eventos de conmemoraci\u00f3n. Uno de ellos es la realizaci\u00f3n de una Jornada, que tenemos previsto celebrar el d\u00eda 19 de septiembre, sobre\u00a0\u201cVeh\u00edculos y\u00a0\u00a0Transportes: I+D+i en la UPM\u201dM\u00e1s info Source: segvauto"}